{"id":40,"date":"2026-09-02T18:52:11","date_gmt":"2026-09-02T18:52:11","guid":{"rendered":"https:\/\/szkolenia.aserto.edu.pl\/index.php\/szkolenie\/zfss-odpis-2026\/"},"modified":"2026-09-02T19:48:42","modified_gmt":"2026-09-02T19:48:42","slug":"zfss-odpis-2026","status":"publish","type":"szkolenie","link":"https:\/\/szkolenia.aserto.edu.pl\/index.php\/szkolenie\/zfss-odpis-2026\/","title":{"rendered":"Zak\u0142adowy Fundusz \u015awiadcze\u0144 Socjalnych \u2013\u00a0Odpis w\u00a02026\u00a0roku \u2013\u00a0w\u00a0praktyce"},"content":{"rendered":"<p><strong>Zak\u0142adowy Fundusz \u015awiadcze\u0144 Socjalnych \u2013 Odpis w 2026 roku \u2013 w praktyce.<\/strong> Dla jednostek bud\u017cetowych, publicznych plac\u00f3wek o\u015bwiatowych (Karta Nauczyciela) oraz firm z sektora prywatnego.<\/p>\n<h3>Dla kogo jest szkolenie?<\/h3>\n<p>Szkolenie przeznaczone jest dla os\u00f3b odpowiedzialnych za dokonywanie odpisu na zak\u0142adowy fundusz \u015bwiadcze\u0144 socjalnych, w szczeg\u00f3lno\u015bci: pracodawc\u00f3w, kadrowych, p\u0142acowych, pracownik\u00f3w administracyjnych, dokonuj\u0105cych oblicze\u0144 oraz przekazania \u015brodk\u00f3w ZF\u015aS na konto bankowe oraz wszystkich zainteresowanych tym tematem.<\/p>\n<h3>Efekty kszta\u0142cenia<\/h3>\n<p>Uczestnicy:<\/p>\n<ul>\n<li>poznaj\u0105 <strong>zasady dokonywania odpisu<\/strong> na zak\u0142adowy fundusz \u015bwiadcze\u0144 socjalnych (ZF\u015aS) oraz <strong>najnowsze zmiany prawne w tym zakresie na 2026 rok.<\/strong><\/li>\n<li>nab\u0119d\u0105 <strong>umiej\u0119tno\u015b\u0107 praktycznego<\/strong> (na konkretnych przyk\u0142adach liczbowych) stosowania najnowszych przepis\u00f3w o ZF\u015aS oraz Karty Nauczyciela w temacie odpisu.<\/li>\n<li>b\u0119d\u0105 wiedzie\u0107, <strong>jak dokona\u0107 korekty odpisu na 2026 rok, w tym korekty emeryt\u00f3w nauczycieli.<\/strong><\/li>\n<\/ul>\n<h3>Ramowy program szkolenia<\/h3>\n<ol>\n<li><strong>Tworzenie Zak\u0142adowego Funduszu \u015awiadcze\u0144 Socjalnych (ZF\u015aS) i wysoko\u015b\u0107 odpisu:<\/strong>\n<ul>\n<li>informacje og\u00f3lne, w tym podstawy obliczenia odpisu,<\/li>\n<li>jak stosowa\u0107 zaokr\u0105glenia do odpisu,<\/li>\n<li>kto mo\u017ce dowolnie kszta\u0142towa\u0107 wysoko\u015b\u0107 odpisu,<\/li>\n<li>kto mo\u017ce zrezygnowa\u0107 z tworzenia ZF\u015aS.<\/li>\n<\/ul>\n<\/li>\n<li><strong>Odpis na 2026 rok<\/strong>, w tym szczeg\u00f3lne przypadki dotycz\u0105ce nauczycieli.<\/li>\n<li><strong>Odpis na emeryt\u00f3w i rencist\u00f3w.<\/strong><\/li>\n<li><strong>Odpis na nauczycieli emeryt\u00f3w, rencist\u00f3w i nauczycieli pobieraj\u0105cych nauczycielskie \u015bwiadczenie kompensacyjne w 2026 roku.<\/strong><\/li>\n<li><strong>Korekta odpisu, w tym korekta emeryt\u00f3w nauczycieli.<\/strong><\/li>\n<li><strong>Odpis na pracownik\u00f3w posiadaj\u0105cych znaczny lub umiarkowany stopie\u0144 niepe\u0142nosprawno\u015bci.<\/strong><\/li>\n<li><strong>Odpis na pracownik\u00f3w m\u0142odocianych.<\/strong><\/li>\n<li><strong>Ustalenie przeci\u0119tnego zatrudnienia<\/strong> (r\u00f3wnie\u017c przy niepe\u0142nym wymiarze czasu pracy) w ci\u0105gu roku \u2013 na przyk\u0142adach liczbowych:\n<ul>\n<li>zasady og\u00f3lne,<\/li>\n<li>pracownicy na urlopie bezp\u0142atnym oraz na urlopach zwi\u0105zanych z rodzicielstwem,<\/li>\n<li>kogo nie wliczamy do przeci\u0119tnego zatrudnienia,<\/li>\n<li>kogo wliczamy do przeci\u0119tnego zatrudnienia,<\/li>\n<li>ustalenie przeci\u0119tnego zatrudnienia \u2013 przyk\u0142ady liczbowe, <strong>w tym praktyczny arkusz Excel.<\/strong><\/li>\n<\/ul>\n<\/li>\n<li><strong>Metody ustalania przeci\u0119tnego zatrudnienia w obr\u0119bie miesi\u0105ca<\/strong> \u2013 na przyk\u0142adach liczbowych.<\/li>\n<li><strong>Ustalenie odpisu krok po kroku<\/strong> \u2013 etapy i przyk\u0142ady liczbowe, <strong>w tym praktyczny arkusz Excel do obliczania odpisu.<\/strong><\/li>\n<li><strong>Obowi\u0105zkowa korekta odpisu \u2013 jak j\u0105 zrobi\u0107 krok po kroku?<\/strong>\n<ul>\n<li>zasady og\u00f3lne,<\/li>\n<li>przyk\u0142ady liczbowe.<\/li>\n<\/ul>\n<\/li>\n<li><strong>Wa\u017cne terminy.<\/strong><\/li>\n<li><strong>Najcz\u0119\u015bciej pope\u0142niane b\u0142\u0119dy.<\/strong><\/li>\n<li><strong>Sankcje za nieprzestrzeganie ustawy o ZF\u015aS<\/strong> \u2013 co i komu grozi oraz w jakim przypadku.<\/li>\n<li><strong>Odpowiedzi na najcz\u0119\u015bciej zadawane pytania od uczestnik\u00f3w najnowszych szkole\u0144.<\/strong><\/li>\n<\/ol>\n<p><em>*Program i opis szkolenia chroniony prawem autorskim. Wszelkie prawa zastrze\u017cone. Kopiowanie, powielanie i wykorzystywanie w jakiejkolwiek formie cz\u0119\u015bci lub ca\u0142o\u015bci programu szkoleniowego bez zgody autora jest zabronione. Copyright \u00a9 by ASERTO Joanna Krystyna Robak.<\/em><\/p>\n<h3>Zamawiaj\u0105cy otrzyma<\/h3>\n<ul>\n<li>ksi\u0105\u017ck\u0119 (e-book) o odpisie na ZF\u015aS na 2026 rok,<\/li>\n<li>autorskie wzory obliczania przeci\u0119tnego zatrudnienia i odpisu do w\u0142asnego wykorzystania (arkusze Excel),<\/li>\n<li>certyfikat uczestnictwa w szkoleniu,<\/li>\n<li>uczestnictwo w szkoleniu, wiedz\u0119.<\/li>\n<\/ul>\n<p><strong>Czas szkolenia: ponad 2 godziny lekcyjne.<\/strong><\/p>\n<h3>Format szkolenia<\/h3>\n<p>Szkolenie w formie <strong>nagrania<\/strong> z dost\u0119pem online przez 3 miesi\u0105ce na platformie szkoleniowej (plus ksi\u0105\u017cka w PDF). Materia\u0142y szkoleniowe (PDF) dost\u0119pne s\u0105 jako pierwsza lekcja. Dost\u0119p nadawany jest do 2 dni roboczych po z\u0142o\u017ceniu kompletnego zam\u00f3wienia.<\/p>\n\n\n<figure class=\"wp-block-embed is-type-video is-provider-vimeo wp-block-embed-vimeo wp-embed-aspect-16-9 wp-has-aspect-ratio\"><div class=\"wp-block-embed__wrapper\">\n<iframe loading=\"lazy\" src=\"https:\/\/player.vimeo.com\/video\/1176240072?dnt=1&amp;app_id=122963\" width=\"500\" height=\"281\" frameborder=\"0\" allow=\"autoplay; fullscreen; picture-in-picture; clipboard-write; encrypted-media; web-share\" referrerpolicy=\"strict-origin-when-cross-origin\"><\/iframe>\n<\/div><\/figure>\n\n\n\n<div id=\"postdivrich\" class=\"postarea wp-editor-expand\">\n<div id=\"wp-content-wrap\" class=\"wp-core-ui wp-editor-wrap tmce-active has-dfw\">\n<div id=\"wp-content-editor-tools\" class=\"wp-editor-tools hide-if-no-js\">\n<h3 id=\"wp-content-media-buttons\" class=\"wp-media-buttons\">Prowadz\u0105cy\u00a0<\/h3>\n<\/div>\n<\/div>\n<\/div>\n    <div class=\"ae-prowadzacy\">\n            <div class=\"ae-prowadzacy__body\">\n        <div class=\"ae-prowadzacy__name\">Joanna Krystyna Robak<\/div>\n        <div class=\"ae-prowadzacy__bio\">\n<p class=\"wp-block-paragraph\"><\/p>\n\n\n\n<p class=\"wp-block-paragraph\"><span style=\"color: var( --e-global-color-text )\">\n\n<span style=\"color: #000000\">Ekonomista. <strong>Ekspert z zakresu zak\u0142adowego funduszu \u015bwiadcze\u0144 socjalnych (ZF\u015aS)<\/strong>. Od 1997 r. do 2013 r. pracownik urz\u0119du gminy oraz g\u0142\u00f3wny ksi\u0119gowy jednostek bud\u017cetowych. W latach 2013 \u2013 2015 pracownik Zak\u0142adu Ubezpiecze\u0144 Spo\u0142ecznych w Wydziale Realizacji Dochod\u00f3w. R\u00f3wnolegle z prac\u0105 w ww. jednostkach od 2010 r. do 2017 r. manager i dyrektor nowos\u0105deckiej filii znanej og\u00f3lnopolskiej sieci szk\u00f3\u0142. Absolwent m.in. Akademii Ekonomicznej w Krakowie, Uniwersytetu Rzeszowskiego, Wy\u017cszej Szko\u0142y Przedsi\u0119biorczo\u015bci i Marketingu w Chrzanowie oraz Uniwersytetu Pedagogicznego w Krakowie. Od 2009 r. uznany i ceniony przez uczestnik\u00f3w szkole\u0144 trener z zakresu prawa pracy, kadr i p\u0142ac, a w szczeg\u00f3lno\u015bci ZF\u015aS. <\/span><\/span><\/p>\n\n\n\n<p class=\"wp-block-paragraph\">Posiada blisko 30-letnie do\u015bwiadczenie w pracy z zak\u0142adowym funduszem \u015bwiadcze\u0144 socjalnych (ZF\u015aS), zar\u00f3wno w sektorze publicznym, mi\u0119dzy innymi w jednostkach bud\u017cetowych, w tym w publicznych plac\u00f3wkach o\u015bwiatowych, jak r\u00f3wnie\u017c w sektorze prywatnym, w tym w du\u017cych sp\u00f3\u0142kach. Pomaga u\u0142o\u017cy\u0107 ZF\u015aS u r\u00f3\u017cnych pracodawc\u00f3w bior\u0105c pod uwag\u0119 ich specyfik\u0119.<\/p>\n\n\n\n<p class=\"wp-block-paragraph\"><span style=\"color: #000000\"><strong><u>Autor<\/u> <\/strong>wielu publikacji oraz <strong>licznych ksi\u0105\u017cek<\/strong> i e-book\u00f3w z zakresu ZF\u015aS. Autor Akademii ZF\u015aS \u2013 Praktycznego Kursu, specjalistycznych szkole\u0144 oraz <strong><u>ZFSSlettera<\/u>, <\/strong>najwi\u0119kszego w&nbsp;Polsce, eksperckiego&nbsp;<strong>newslettera<\/strong>&nbsp;dedykowanego w&nbsp;ca\u0142o\u015bci sprawom ZF\u015aS. <\/span><\/p>\n\n\n\n<p class=\"wp-block-paragraph\"><strong style=\"color: #000000\"><u>Praktyk.<\/u><\/strong><span style=\"color: #000000\">\u00a0<br><br>W 2026 roku uhonorowana presti\u017cow\u0105 nagrod\u0105 w XXVI edycji Polish Businesswomen Awards w kategorii<\/span> <span style=\"color: #e81597\"><b>Ekspert i ambasador najwy\u017cszej jako\u015bci edukacji w zakresie ZF\u015aS w Polsce<\/b><\/span>.<\/p>\n\n\n\n<p class=\"wp-block-paragraph\"><span style=\"color: #000000\">W 2025 roku uzyska\u0142a status <strong>GOLD<\/strong> w Konkursie <strong>Or\u0142y Edukacji edycja og\u00f3lnopolska<\/strong> i znalaz\u0142a si\u0119 w \u015bcis\u0142ej czo\u0142\u00f3wce najlepszych firm szkoleniowych w Polsce.<\/span><\/p>\n\n\n\n<p class=\"wp-block-paragraph\"><span style=\"color: #000000\">W 2024 roku zaj\u0119\u0142a 1 miejsce w Konkursie <strong>Or\u0142y Edukacji<\/strong> w Nowym S\u0105czu z wynikiem <strong>10\/10 punkt\u00f3w<\/strong>.<\/span><\/p>\n\n\n\n<p class=\"wp-block-paragraph\"><span style=\"color: #000000\">W 2023 roku <\/span>uhonorowana presti\u017cow\u0105 nagrod\u0105 <span style=\"color: #000000\"><b>w&nbsp;XIX edycji konkursu Polish Businesswomen Awards <\/b>w kategorii:&nbsp;<\/span><span style=\"color: #e81597\"><b>Lider w&nbsp;dziedzinie przekazywania wiedzy o&nbsp;Zak\u0142adowym Funduszu \u015awiadcze\u0144 Socjalnych<\/b><\/span><b style=\"color: #ff0000\"><span style=\"color: #e81597\">.<\/span><\/b><\/p>\n\n\n\n<figure class=\"wp-block-gallery has-nested-images columns-default is-cropped wp-block-gallery-1 is-layout-flex wp-block-gallery-is-layout-flex\">\n<figure class=\"wp-block-image size-large\"><img decoding=\"async\" data-id=\"83\" src=\"https:\/\/asertoedukacja.pl\/wp-content\/uploads\/2026\/07\/orly-edukacji-zdjecie-do-ofert-qmgkwwx-768x768-1.jpg\" alt=\"\" class=\"wp-image-83\" \/><\/figure>\n\n\n\n<figure class=\"wp-block-image size-large\"><img decoding=\"async\" data-id=\"82\" src=\"https:\/\/asertoedukacja.pl\/wp-content\/uploads\/2026\/07\/ASERTO-JKR-Lider-ZFSS-71cxhgg-1024x1024.jpg\" alt=\"\" class=\"wp-image-82\" \/><\/figure>\n\n\n\n<figure class=\"wp-block-image size-large\"><img decoding=\"async\" data-id=\"84\" src=\"https:\/\/asertoedukacja.pl\/wp-content\/uploads\/2026\/07\/4-odbior-nagrody4-kwadrat-768x768-1.jpg\" alt=\"\" class=\"wp-image-84\" \/><\/figure>\n<\/figure>\n\n\n\n<p class=\"wp-block-paragraph\"><\/p>\n<\/div>\n      <\/div>\n    <\/div>\n    ","protected":false},"excerpt":{"rendered":"<p>Odpis na ZF\u015aS w 2026 roku \u2013 w praktyce, na przyk\u0142adach liczbowych (z arkuszami Excel). Dla jednostek bud\u017cetowych, o\u015bwiaty (Karta Nauczyciela) i firm.<\/p>\n","protected":false},"featured_media":72,"template":"","format-szkolenia":[10],"kategoria-szkolenia":[12],"class_list":["post-40","szkolenie","type-szkolenie","status-publish","has-post-thumbnail","hentry","format-szkolenia-nagrane","kategoria-szkolenia-zfss"],"_links":{"self":[{"href":"https:\/\/szkolenia.aserto.edu.pl\/index.php\/wp-json\/wp\/v2\/szkolenie\/40","targetHints":{"allow":["GET"]}}],"collection":[{"href":"https:\/\/szkolenia.aserto.edu.pl\/index.php\/wp-json\/wp\/v2\/szkolenie"}],"about":[{"href":"https:\/\/szkolenia.aserto.edu.pl\/index.php\/wp-json\/wp\/v2\/types\/szkolenie"}],"version-history":[{"count":1,"href":"https:\/\/szkolenia.aserto.edu.pl\/index.php\/wp-json\/wp\/v2\/szkolenie\/40\/revisions"}],"predecessor-version":[{"id":81,"href":"https:\/\/szkolenia.aserto.edu.pl\/index.php\/wp-json\/wp\/v2\/szkolenie\/40\/revisions\/81"}],"wp:featuredmedia":[{"embeddable":true,"href":"https:\/\/szkolenia.aserto.edu.pl\/index.php\/wp-json\/wp\/v2\/media\/72"}],"wp:attachment":[{"href":"https:\/\/szkolenia.aserto.edu.pl\/index.php\/wp-json\/wp\/v2\/media?parent=40"}],"wp:term":[{"taxonomy":"format-szkolenia","embeddable":true,"href":"https:\/\/szkolenia.aserto.edu.pl\/index.php\/wp-json\/wp\/v2\/format-szkolenia?post=40"},{"taxonomy":"kategoria-szkolenia","embeddable":true,"href":"https:\/\/szkolenia.aserto.edu.pl\/index.php\/wp-json\/wp\/v2\/kategoria-szkolenia?post=40"}],"curies":[{"name":"wp","href":"https:\/\/api.w.org\/{rel}","templated":true}]}}