{"id":41,"date":"2026-09-02T18:52:11","date_gmt":"2026-09-02T18:52:11","guid":{"rendered":"https:\/\/szkolenia.aserto.edu.pl\/index.php\/szkolenie\/zfss-podatek-dochodowy-2026\/"},"modified":"2026-09-02T19:49:05","modified_gmt":"2026-09-02T19:49:05","slug":"zfss-podatek-dochodowy-2026","status":"publish","type":"szkolenie","link":"https:\/\/szkolenia.aserto.edu.pl\/index.php\/szkolenie\/zfss-podatek-dochodowy-2026\/","title":{"rendered":"Zak\u0142adowy Fundusz \u015awiadcze\u0144 Socjalnych a\u00a0podatek dochodowy w\u00a02026\u00a0roku \u2013\u00a0w\u00a0praktyce"},"content":{"rendered":"<p><strong>Zak\u0142adowy Fundusz \u015awiadcze\u0144 Socjalnych a podatek dochodowy w&nbsp;2026 roku \u2013 w&nbsp;praktyce.<\/strong> Dla jednostek bud\u017cetowych, publicznych plac\u00f3wek o\u015bwiatowych oraz firm z&nbsp;sektora prywatnego.<\/p>\n\n<h3>Dla kogo jest szkolenie?<\/h3>\n<p>Szkolenie przeznaczone jest dla os\u00f3b odpowiedzialnych za <strong>obliczanie i przekazywanie podatku do urz\u0119du skarbowego<\/strong>, w szczeg\u00f3lno\u015bci: pracodawc\u00f3w, kadrowych, p\u0142acowych, pracownik\u00f3w administracyjnych oraz wszystkich zainteresowanych tym tematem.<\/p>\n<h3>Efekty kszta\u0142cenia<\/h3>\n<p>Uczestnicy:<\/p>\n<ul>\n<li>poznaj\u0105 <strong>aktualne zasady opodatkowania \u015bwiadcze\u0144<\/strong> wyp\u0142aconych z zak\u0142adowego funduszu \u015bwiadcze\u0144 socjalnych (ZF\u015aS) oraz zasady przedmiotowych i podmiotowych zwolnie\u0144 podatkowych od \u015bwiadcze\u0144 wyp\u0142aconych z ZF\u015aS.<\/li>\n<li>nab\u0119d\u0105 umiej\u0119tno\u015b\u0107 praktycznego (na konkretnych przyk\u0142adach liczbowych) stosowania najnowszych przepis\u00f3w. B\u0119d\u0105 wiedzie\u0107, <strong>jak opodatkowa\u0107 \u015bwiadczenia wyp\u0142acone w 2026 roku.<\/strong><\/li>\n<\/ul>\n<h3>Ramowy program szkolenia<\/h3>\n<ol>\n<li>Co to jest zak\u0142adowy fundusz \u015bwiadcze\u0144 socjalnych (ZF\u015aS) i kto mo\u017ce z niego korzysta\u0107?<\/li>\n<li>Kontrola skarbowa \u015brodk\u00f3w z ZF\u015aS.<\/li>\n<li>Rodzaje dzia\u0142alno\u015bci socjalnej finansowanej ze \u015brodk\u00f3w ZF\u015aS.<\/li>\n<li>Rola regulaminu ZF\u015aS w opodatkowaniu \u015bwiadcze\u0144.<\/li>\n<li>Jakie \u015bwiadczenia z ZF\u015aS podlegaj\u0105 opodatkowaniu, a jakie s\u0105 z niego zwolnione.<\/li>\n<li><strong>Zwolnienia podatkowe<\/strong> ze wzgl\u0119du na rodzaj \u015bwiadczenia:\n<ul>\n<li>jak udokumentowa\u0107 zapomogi losowe i w zwi\u0105zku z d\u0142ugotrwa\u0142\u0105 chorob\u0105 lub \u015bmierci\u0105, aby by\u0142y zwolnione z podatku,<\/li>\n<li>\u015bwiadczenia w zwi\u0105zku z pobytem dzieci w przedszkolach, \u017c\u0142obkach i klubach dzieci\u0119cych \u2013 a co ze \u015bwiadczeniami w razie opieki nad dzieckiem sprawowanej przez dziennego opiekuna lub niani\u0119?<\/li>\n<li>dop\u0142aty do wypoczynku dla dzieci do uko\u0144czenia 18 roku \u017cycia \u2013 a co z podatkiem, je\u015bli dziecko uko\u0144czy 18 lat w trakcie wczas\u00f3w lub kolonii?<\/li>\n<\/ul>\n<\/li>\n<li>Jaki jest roczny limit zwolnienia od podatku (tzw. kwota wolna od podatku) <strong>w 2026 roku<\/strong> dla:\n<ul>\n<li>emeryt\u00f3w,<\/li>\n<li>rencist\u00f3w,<\/li>\n<li>os\u00f3b pobieraj\u0105cych nauczycielskie \u015bwiadczenie kompensacyjne,<\/li>\n<li>pracownik\u00f3w.<\/li>\n<\/ul>\n<\/li>\n<li>Jaki jest podatek po przekroczeniu rocznego limitu zwolnienia dla:\n<ul>\n<li>emeryt\u00f3w,<\/li>\n<li>rencist\u00f3w,<\/li>\n<li>os\u00f3b pobieraj\u0105cych nauczycielskie \u015bwiadczenie kompensacyjne,<\/li>\n<li>pracownik\u00f3w.<\/li>\n<\/ul>\n<\/li>\n<li>Jakie rodzaje dzia\u0142alno\u015bci wchodz\u0105 do limitu kwoty wolnej od podatku \u2013 <strong>\u0107wiczenia na praktycznych przyk\u0142adach.<\/strong><\/li>\n<li>Podatek od umorzenia po\u017cyczki mieszkaniowej dla:\n<ul>\n<li>\u017cyj\u0105cego pracownika,<\/li>\n<li>\u017cyj\u0105cego emeryta lub rencisty,<\/li>\n<li>nie\u017cyj\u0105cego pracownika, emeryta lub rencisty \u2013 <strong>czy mo\u017ce podatek dla ich rodziny?<\/strong><\/li>\n<li><strong>Kiedy i w jakim przypadku rodzina zostanie obci\u0105\u017cona podatkiem?<\/strong><\/li>\n<\/ul>\n<\/li>\n<li>Bony, talony i inne znaki uprawniaj\u0105ce do ich wymiany na towary lub us\u0142ugi.<\/li>\n<li>Czym r\u00f3\u017cni si\u0119 karta upominkowa od karty przedp\u0142aconej i jakie to ma konsekwencje podatkowe?<\/li>\n<li>Wycieczki i wyjazdy zorganizowane przez pracodawc\u0119.<\/li>\n<li>Integracja \u2013 czy mo\u017cna finansowa\u0107 j\u0105 z ZF\u015aS i jakie s\u0105 konsekwencje podatkowe?<\/li>\n<li>Wycieczki oraz wczasy krajowe i zagraniczne.<\/li>\n<li>Pomoc rzeczowa, w tym paczki z ZF\u015aS (np. dla dzieci).<\/li>\n<li>Karty na fitness i inne rodzaje aktywno\u015bci.<\/li>\n<li>Dzia\u0142alno\u015b\u0107 kulturalno-o\u015bwiatowa i sportowo-rekreacyjna.<\/li>\n<li>Termin zap\u0142aty zaliczki na podatek do urz\u0119du skarbowego.<\/li>\n<li><strong>Kto \u201epilnuje\u201d kwoty wolnej od podatku, gdy pracownik jest zatrudniony u kilku pracodawc\u00f3w?<\/strong><\/li>\n<li>Zwolnienia podatkowe <strong>dla wybranych grup pracownik\u00f3w.<\/strong><\/li>\n<li>Kto p\u0142aci podatek w przypadku dofinansowania z ZF\u015aS <strong>dla m\u0119\u017ca\/\u017cony<\/strong> pracownika lub <strong>partnera\/partnerki<\/strong> pracownika?<\/li>\n<li>\u015awiadczenia dla pe\u0142noletniego dziecka pracownika a podatek?<\/li>\n<li>Co wlicza\u0107 do opodatkowania \u2013 <strong>zadania na przyk\u0142adach liczbowych.<\/strong><\/li>\n<li>Jak oblicza\u0107 zaliczk\u0119 na podatek w praktyce \u2013 <strong>przyk\u0142ady liczbowe.<\/strong><\/li>\n<li>Kartoteka wyp\u0142aconych \u015bwiadcze\u0144.<\/li>\n<li>Dokumentacja w zakresie ZF\u015aS do cel\u00f3w kontrolnych \u2013 jakie dokumenty gromadzi\u0107, w jakich przypadkach wymagane s\u0105 dodatkowe dokumenty i jak d\u0142ugo je przechowywa\u0107?<\/li>\n<li><strong>Kafeteria \u2013 co w tym nietypowego?<\/strong> Uwaga na <strong>powszechne b\u0142\u0119dy.<\/strong><\/li>\n<li>Najcz\u0119\u015bciej spotykane b\u0142\u0119dy.<\/li>\n<li><strong>Orzecznictwo s\u0105dowe i interpretacje podatkowe.<\/strong><\/li>\n<\/ol>\n<p><em>*Program i opis szkolenia chroniony prawem autorskim. Wszelkie prawa zastrze\u017cone. Kopiowanie, powielanie i wykorzystywanie w jakiejkolwiek formie cz\u0119\u015bci lub ca\u0142o\u015bci programu szkoleniowego bez zgody autora jest zabronione. Copyright \u00a9 by ASERTO Joanna Krystyna Robak.<\/em><\/p>\n<h3>Zamawiaj\u0105cy otrzyma<\/h3>\n<ul>\n<li>materia\u0142y szkoleniowe w formie ksi\u0105\u017cki (e-booka) \u201eZF\u015aS a podatek dochodowy w 2026 roku\u201d,<\/li>\n<li>certyfikat uczestnictwa w szkoleniu,<\/li>\n<li>uczestnictwo w szkoleniu, wiedz\u0119.<\/li>\n<\/ul>\n<p><strong>Czas szkolenia: ponad 2 godziny lekcyjne.<\/strong><\/p>\n<h3>Format szkolenia<\/h3>\n<p>Szkolenie w formie <strong>nagrania<\/strong> z dost\u0119pem online przez 3 miesi\u0105ce na platformie szkoleniowej (plus ksi\u0105\u017cka w PDF). Materia\u0142y szkoleniowe (PDF) dost\u0119pne s\u0105 jako pierwsza lekcja. Dost\u0119p nadawany jest do 2 dni roboczych po z\u0142o\u017ceniu kompletnego zam\u00f3wienia.<\/p>\n\n\n<figure class=\"wp-block-embed is-type-video is-provider-vimeo wp-block-embed-vimeo wp-embed-aspect-16-9 wp-has-aspect-ratio\"><div class=\"wp-block-embed__wrapper\">\n<iframe loading=\"lazy\" src=\"https:\/\/player.vimeo.com\/video\/1179852802?dnt=1&amp;app_id=122963\" width=\"500\" height=\"281\" frameborder=\"0\" allow=\"autoplay; fullscreen; picture-in-picture; clipboard-write; encrypted-media; web-share\" referrerpolicy=\"strict-origin-when-cross-origin\"><\/iframe>\n<\/div><\/figure>\n\n\n\n<div id=\"postdivrich\" class=\"postarea wp-editor-expand\">\n<div id=\"wp-content-wrap\" class=\"wp-core-ui wp-editor-wrap tmce-active has-dfw\">\n<div id=\"wp-content-editor-tools\" class=\"wp-editor-tools hide-if-no-js\">\n<h3 id=\"wp-content-media-buttons\" class=\"wp-media-buttons\">Prowadz\u0105cy\u00a0<\/h3>\n<\/div>\n<\/div>\n<\/div>\n    <div class=\"ae-prowadzacy\">\n            <div class=\"ae-prowadzacy__body\">\n        <div class=\"ae-prowadzacy__name\">Joanna Krystyna Robak<\/div>\n        <div class=\"ae-prowadzacy__bio\">\n<p class=\"wp-block-paragraph\"><\/p>\n\n\n\n<p class=\"wp-block-paragraph\"><span style=\"color: var( --e-global-color-text )\">\n\n<span style=\"color: #000000\">Ekonomista. <strong>Ekspert z zakresu zak\u0142adowego funduszu \u015bwiadcze\u0144 socjalnych (ZF\u015aS)<\/strong>. Od 1997 r. do 2013 r. pracownik urz\u0119du gminy oraz g\u0142\u00f3wny ksi\u0119gowy jednostek bud\u017cetowych. W latach 2013 \u2013 2015 pracownik Zak\u0142adu Ubezpiecze\u0144 Spo\u0142ecznych w Wydziale Realizacji Dochod\u00f3w. R\u00f3wnolegle z prac\u0105 w ww. jednostkach od 2010 r. do 2017 r. manager i dyrektor nowos\u0105deckiej filii znanej og\u00f3lnopolskiej sieci szk\u00f3\u0142. Absolwent m.in. Akademii Ekonomicznej w Krakowie, Uniwersytetu Rzeszowskiego, Wy\u017cszej Szko\u0142y Przedsi\u0119biorczo\u015bci i Marketingu w Chrzanowie oraz Uniwersytetu Pedagogicznego w Krakowie. Od 2009 r. uznany i ceniony przez uczestnik\u00f3w szkole\u0144 trener z zakresu prawa pracy, kadr i p\u0142ac, a w szczeg\u00f3lno\u015bci ZF\u015aS. <\/span><\/span><\/p>\n\n\n\n<p class=\"wp-block-paragraph\">Posiada blisko 30-letnie do\u015bwiadczenie w pracy z zak\u0142adowym funduszem \u015bwiadcze\u0144 socjalnych (ZF\u015aS), zar\u00f3wno w sektorze publicznym, mi\u0119dzy innymi w jednostkach bud\u017cetowych, w tym w publicznych plac\u00f3wkach o\u015bwiatowych, jak r\u00f3wnie\u017c w sektorze prywatnym, w tym w du\u017cych sp\u00f3\u0142kach. Pomaga u\u0142o\u017cy\u0107 ZF\u015aS u r\u00f3\u017cnych pracodawc\u00f3w bior\u0105c pod uwag\u0119 ich specyfik\u0119.<\/p>\n\n\n\n<p class=\"wp-block-paragraph\"><span style=\"color: #000000\"><strong><u>Autor<\/u> <\/strong>wielu publikacji oraz <strong>licznych ksi\u0105\u017cek<\/strong> i e-book\u00f3w z zakresu ZF\u015aS. Autor Akademii ZF\u015aS \u2013 Praktycznego Kursu, specjalistycznych szkole\u0144 oraz <strong><u>ZFSSlettera<\/u>, <\/strong>najwi\u0119kszego w&nbsp;Polsce, eksperckiego&nbsp;<strong>newslettera<\/strong>&nbsp;dedykowanego w&nbsp;ca\u0142o\u015bci sprawom ZF\u015aS. <\/span><\/p>\n\n\n\n<p class=\"wp-block-paragraph\"><strong style=\"color: #000000\"><u>Praktyk.<\/u><\/strong><span style=\"color: #000000\">\u00a0<br><br>W 2026 roku uhonorowana presti\u017cow\u0105 nagrod\u0105 w XXVI edycji Polish Businesswomen Awards w kategorii<\/span> <span style=\"color: #e81597\"><b>Ekspert i ambasador najwy\u017cszej jako\u015bci edukacji w zakresie ZF\u015aS w Polsce<\/b><\/span>.<\/p>\n\n\n\n<p class=\"wp-block-paragraph\"><span style=\"color: #000000\">W 2025 roku uzyska\u0142a status <strong>GOLD<\/strong> w Konkursie <strong>Or\u0142y Edukacji edycja og\u00f3lnopolska<\/strong> i znalaz\u0142a si\u0119 w \u015bcis\u0142ej czo\u0142\u00f3wce najlepszych firm szkoleniowych w Polsce.<\/span><\/p>\n\n\n\n<p class=\"wp-block-paragraph\"><span style=\"color: #000000\">W 2024 roku zaj\u0119\u0142a 1 miejsce w Konkursie <strong>Or\u0142y Edukacji<\/strong> w Nowym S\u0105czu z wynikiem <strong>10\/10 punkt\u00f3w<\/strong>.<\/span><\/p>\n\n\n\n<p class=\"wp-block-paragraph\"><span style=\"color: #000000\">W 2023 roku <\/span>uhonorowana presti\u017cow\u0105 nagrod\u0105 <span style=\"color: #000000\"><b>w&nbsp;XIX edycji konkursu Polish Businesswomen Awards <\/b>w kategorii:&nbsp;<\/span><span style=\"color: #e81597\"><b>Lider w&nbsp;dziedzinie przekazywania wiedzy o&nbsp;Zak\u0142adowym Funduszu \u015awiadcze\u0144 Socjalnych<\/b><\/span><b style=\"color: #ff0000\"><span style=\"color: #e81597\">.<\/span><\/b><\/p>\n\n\n\n<figure class=\"wp-block-gallery has-nested-images columns-default is-cropped wp-block-gallery-1 is-layout-flex wp-block-gallery-is-layout-flex\">\n<figure class=\"wp-block-image size-large\"><img decoding=\"async\" data-id=\"83\" src=\"https:\/\/asertoedukacja.pl\/wp-content\/uploads\/2026\/07\/orly-edukacji-zdjecie-do-ofert-qmgkwwx-768x768-1.jpg\" alt=\"\" class=\"wp-image-83\" \/><\/figure>\n\n\n\n<figure class=\"wp-block-image size-large\"><img decoding=\"async\" data-id=\"82\" src=\"https:\/\/asertoedukacja.pl\/wp-content\/uploads\/2026\/07\/ASERTO-JKR-Lider-ZFSS-71cxhgg-1024x1024.jpg\" alt=\"\" class=\"wp-image-82\" \/><\/figure>\n\n\n\n<figure class=\"wp-block-image size-large\"><img decoding=\"async\" data-id=\"84\" src=\"https:\/\/asertoedukacja.pl\/wp-content\/uploads\/2026\/07\/4-odbior-nagrody4-kwadrat-768x768-1.jpg\" alt=\"\" class=\"wp-image-84\" \/><\/figure>\n<\/figure>\n\n\n\n<p class=\"wp-block-paragraph\"><\/p>\n<\/div>\n      <\/div>\n    <\/div>\n    ","protected":false},"excerpt":{"rendered":"<p>ZF\u015aS a podatek dochodowy w 2026 roku \u2013 w praktyce, na przyk\u0142adach liczbowych. Opodatkowanie \u015bwiadcze\u0144, zwolnienia, limity, kontrole. Dla bud\u017cet\u00f3wki, o\u015bwiaty i&nbsp;firm.<\/p>\n","protected":false},"featured_media":73,"template":"","format-szkolenia":[10],"kategoria-szkolenia":[12],"class_list":["post-41","szkolenie","type-szkolenie","status-publish","has-post-thumbnail","hentry","format-szkolenia-nagrane","kategoria-szkolenia-zfss"],"_links":{"self":[{"href":"https:\/\/szkolenia.aserto.edu.pl\/index.php\/wp-json\/wp\/v2\/szkolenie\/41","targetHints":{"allow":["GET"]}}],"collection":[{"href":"https:\/\/szkolenia.aserto.edu.pl\/index.php\/wp-json\/wp\/v2\/szkolenie"}],"about":[{"href":"https:\/\/szkolenia.aserto.edu.pl\/index.php\/wp-json\/wp\/v2\/types\/szkolenie"}],"version-history":[{"count":1,"href":"https:\/\/szkolenia.aserto.edu.pl\/index.php\/wp-json\/wp\/v2\/szkolenie\/41\/revisions"}],"predecessor-version":[{"id":82,"href":"https:\/\/szkolenia.aserto.edu.pl\/index.php\/wp-json\/wp\/v2\/szkolenie\/41\/revisions\/82"}],"wp:featuredmedia":[{"embeddable":true,"href":"https:\/\/szkolenia.aserto.edu.pl\/index.php\/wp-json\/wp\/v2\/media\/73"}],"wp:attachment":[{"href":"https:\/\/szkolenia.aserto.edu.pl\/index.php\/wp-json\/wp\/v2\/media?parent=41"}],"wp:term":[{"taxonomy":"format-szkolenia","embeddable":true,"href":"https:\/\/szkolenia.aserto.edu.pl\/index.php\/wp-json\/wp\/v2\/format-szkolenia?post=41"},{"taxonomy":"kategoria-szkolenia","embeddable":true,"href":"https:\/\/szkolenia.aserto.edu.pl\/index.php\/wp-json\/wp\/v2\/kategoria-szkolenia?post=41"}],"curies":[{"name":"wp","href":"https:\/\/api.w.org\/{rel}","templated":true}]}}